{"id":1490,"date":"2024-03-19T09:02:10","date_gmt":"2024-03-19T08:02:10","guid":{"rendered":"https:\/\/holz-huber.at\/geschichte\/"},"modified":"2024-03-19T09:02:13","modified_gmt":"2024-03-19T08:02:13","slug":"geschichte","status":"publish","type":"page","link":"https:\/\/holz-huber.at\/de\/geschichte\/","title":{"rendered":"Geschichte"},"content":{"rendered":"\t\t<div data-elementor-type=\"wp-page\" data-elementor-id=\"1490\" class=\"elementor elementor-1490 elementor-36\" data-elementor-post-type=\"page\">\n\t\t\t\t<div class=\"elementor-element elementor-element-4848463 e-con-full e-flex e-con e-parent\" data-id=\"4848463\" data-element_type=\"container\" data-e-type=\"container\" data-settings=\"{&quot;jet_parallax_layout_list&quot;:[],&quot;background_background&quot;:&quot;classic&quot;}\">\n\t\t\t\t<\/div>\n\t\t<div class=\"elementor-element elementor-element-4a96e9a e-flex e-con-boxed e-con e-parent\" data-id=\"4a96e9a\" data-element_type=\"container\" data-e-type=\"container\" data-settings=\"{&quot;jet_parallax_layout_list&quot;:[],&quot;background_background&quot;:&quot;classic&quot;}\">\n\t\t\t\t\t<div class=\"e-con-inner\">\n\t\t\t\t<div class=\"elementor-element elementor-element-fe91bcc elementor-widget elementor-widget-heading\" data-id=\"fe91bcc\" data-element_type=\"widget\" data-e-type=\"widget\" data-widget_type=\"heading.default\">\n\t\t\t\t<div class=\"elementor-widget-container\">\n\t\t\t\t\t<h2 class=\"elementor-heading-title elementor-size-default\">Unsere Geschichte<\/h2>\t\t\t\t<\/div>\n\t\t\t\t<\/div>\n\t\t\t\t<div class=\"elementor-element elementor-element-a06b25f elementor-widget elementor-widget-text-editor\" data-id=\"a06b25f\" data-element_type=\"widget\" data-e-type=\"widget\" data-widget_type=\"text-editor.default\">\n\t\t\t\t<div class=\"elementor-widget-container\">\n\t\t\t\t\t\t\t\t\t<p>Nach 10 Jahren als F\u00f6rster kaufte Friedrich Huber 1999 ein veraltetes S\u00e4gewerk \u2013 damals bekannt als Schwaiger. <br \/>Herr Huber war \u00fcberzeugt, dass er \u00fcber das n\u00f6tige Know-how und die Leidenschaft verf\u00fcgte, dieses S\u00e4gewerk zu erneuern und durchzustarten. Da die erforderlichen finanziellen Mittel nicht aufgebracht werden konnten, musste ihm eine Bank einen Kredit gew\u00e4hren. <br \/>Indem er dieses Risiko einging, legte er den Grundstein f\u00fcr das heutige Unternehmen Holz Huber GmbH.<\/p>\n\t\t\t\t\t\t\t\t<\/div>\n\t\t\t\t<\/div>\n\t\t\t\t<div class=\"elementor-element elementor-element-2137ff4 elementor-widget elementor-widget-jet-timeline\" data-id=\"2137ff4\" data-element_type=\"widget\" data-e-type=\"widget\" data-widget_type=\"jet-timeline.default\">\n\t\t\t\t<div class=\"elementor-widget-container\">\n\t\t\t\t\t<div class=\"elementor-jet-timeline jet-elements\"><div class=\"jet-timeline jet-timeline--align-center jet-timeline--align-middle\">\n\t<div class=\"jet-timeline__line\"><div class=\"jet-timeline__line-progress\"><\/div><\/div>\n\t<div class=\"jet-timeline-list\"><div class=\"jet-timeline-item  elementor-repeater-item-30572ab jet-timeline-item--image-inside\">\n\t<div class=\"timeline-item__card\">\n\t\t<div class=\"timeline-item__card-inner\">\n\t\t\t\t\t\t\t\t<div class=\"timeline-item__card-content\">\n\t\t\t\t\t<div class=\"timeline-item__meta\"><div class=\"timeline-item__meta-content\">1999<\/div><\/div><div class=\"timeline-item__card-desc\">\u00dcbernahme des S\u00e4gewerks Schwaiger in Feldkirchen<\/div>\t\t\t\t<\/div>\n\t\t\t\t\t\t<\/div>\n\t\t<div class=\"timeline-item__card-arrow\"><\/div>\n\t<\/div>\n\t<div class=\"timeline-item__point\"><div class=\"timeline-item__point-content timeline-item__point-content--icon\"><span class=\"jet-elements-icon\"><i aria-hidden=\"true\" class=\"fas fa-calendar-alt\"><\/i><\/span><\/div><\/div><div class=\"timeline-item__meta\"><div class=\"timeline-item__meta-content\">1999<\/div><\/div><\/div><div class=\"jet-timeline-item  elementor-repeater-item-7e4ad2d jet-timeline-item--image-inside\">\n\t<div class=\"timeline-item__card\">\n\t\t<div class=\"timeline-item__card-inner\">\n\t\t\t\t\t\t\t\t<div class=\"timeline-item__card-content\">\n\t\t\t\t\t<div class=\"timeline-item__meta\"><div class=\"timeline-item__meta-content\">2000<\/div><\/div><div class=\"timeline-item__card-desc\">Pflasterung \/ Asphaltieren des Platzes<\/div>\t\t\t\t<\/div>\n\t\t\t\t\t\t<\/div>\n\t\t<div class=\"timeline-item__card-arrow\"><\/div>\n\t<\/div>\n\t<div class=\"timeline-item__point\"><div class=\"timeline-item__point-content timeline-item__point-content--icon\"><span class=\"jet-elements-icon\"><i aria-hidden=\"true\" class=\"fas fa-calendar-alt\"><\/i><\/span><\/div><\/div><div class=\"timeline-item__meta\"><div class=\"timeline-item__meta-content\">2000<\/div><\/div><\/div><div class=\"jet-timeline-item  elementor-repeater-item-cd185d0 jet-timeline-item--image-inside\">\n\t<div class=\"timeline-item__card\">\n\t\t<div class=\"timeline-item__card-inner\">\n\t\t\t\t\t\t\t\t<div class=\"timeline-item__card-content\">\n\t\t\t\t\t<div class=\"timeline-item__meta\"><div class=\"timeline-item__meta-content\">2001<\/div><\/div><div class=\"timeline-item__card-desc\">Einrichtung eines Sch\u00e4rfraums mit Maschinen<\/div>\t\t\t\t<\/div>\n\t\t\t\t\t\t<\/div>\n\t\t<div class=\"timeline-item__card-arrow\"><\/div>\n\t<\/div>\n\t<div class=\"timeline-item__point\"><div class=\"timeline-item__point-content timeline-item__point-content--icon\"><span class=\"jet-elements-icon\"><i aria-hidden=\"true\" class=\"fas fa-calendar-alt\"><\/i><\/span><\/div><\/div><div class=\"timeline-item__meta\"><div class=\"timeline-item__meta-content\">2001<\/div><\/div><\/div><div class=\"jet-timeline-item  elementor-repeater-item-ffb2c09 jet-timeline-item--image-inside\">\n\t<div class=\"timeline-item__card\">\n\t\t<div class=\"timeline-item__card-inner\">\n\t\t\t\t\t\t\t\t<div class=\"timeline-item__card-content\">\n\t\t\t\t\t<div class=\"timeline-item__meta\"><div class=\"timeline-item__meta-content\">2002<\/div><\/div><div class=\"timeline-item__card-desc\">Kauf einer Fr\u00e4skopf-Entrindungsmaschine <\/div>\t\t\t\t<\/div>\n\t\t\t\t\t\t<\/div>\n\t\t<div class=\"timeline-item__card-arrow\"><\/div>\n\t<\/div>\n\t<div class=\"timeline-item__point\"><div class=\"timeline-item__point-content timeline-item__point-content--icon\"><span class=\"jet-elements-icon\"><i aria-hidden=\"true\" class=\"fas fa-calendar-alt\"><\/i><\/span><\/div><\/div><div class=\"timeline-item__meta\"><div class=\"timeline-item__meta-content\">2002<\/div><\/div><\/div><div class=\"jet-timeline-item  elementor-repeater-item-1903d37 jet-timeline-item--image-inside\">\n\t<div class=\"timeline-item__card\">\n\t\t<div class=\"timeline-item__card-inner\">\n\t\t\t\t\t\t\t\t<div class=\"timeline-item__card-content\">\n\t\t\t\t\t<div class=\"timeline-item__meta\"><div class=\"timeline-item__meta-content\">2003<\/div><\/div><div class=\"timeline-item__card-desc\">Kauf eines neuen Sattelschleppers, Bau einer Sortierhalle und Sortieranlagen<\/div>\t\t\t\t<\/div>\n\t\t\t\t\t\t<\/div>\n\t\t<div class=\"timeline-item__card-arrow\"><\/div>\n\t<\/div>\n\t<div class=\"timeline-item__point\"><div class=\"timeline-item__point-content timeline-item__point-content--icon\"><span class=\"jet-elements-icon\"><i aria-hidden=\"true\" class=\"fas fa-calendar-alt\"><\/i><\/span><\/div><\/div><div class=\"timeline-item__meta\"><div class=\"timeline-item__meta-content\">2003<\/div><\/div><\/div><div class=\"jet-timeline-item  elementor-repeater-item-d23493b jet-timeline-item--image-inside\">\n\t<div class=\"timeline-item__card\">\n\t\t<div class=\"timeline-item__card-inner\">\n\t\t\t\t\t\t\t\t<div class=\"timeline-item__card-content\">\n\t\t\t\t\t<div class=\"timeline-item__meta\"><div class=\"timeline-item__meta-content\">2004<\/div><\/div><div class=\"timeline-item__card-desc\">Feier des f\u00fcnfj\u00e4hrigen Jubil\u00e4ums mit einem gro\u00dfen S\u00e4gefest<\/div>\t\t\t\t<\/div>\n\t\t\t\t\t\t<\/div>\n\t\t<div class=\"timeline-item__card-arrow\"><\/div>\n\t<\/div>\n\t<div class=\"timeline-item__point\"><div class=\"timeline-item__point-content timeline-item__point-content--icon\"><span class=\"jet-elements-icon\"><i aria-hidden=\"true\" class=\"fas fa-calendar-alt\"><\/i><\/span><\/div><\/div><div class=\"timeline-item__meta\"><div class=\"timeline-item__meta-content\">2004<\/div><\/div><\/div><div class=\"jet-timeline-item  elementor-repeater-item-77c3b99 jet-timeline-item--image-inside\">\n\t<div class=\"timeline-item__card\">\n\t\t<div class=\"timeline-item__card-inner\">\n\t\t\t\t\t\t\t\t<div class=\"timeline-item__card-content\">\n\t\t\t\t\t<div class=\"timeline-item__meta\"><div class=\"timeline-item__meta-content\">2008<\/div><\/div><div class=\"timeline-item__card-desc\">Investition: neue hochmoderne Bands\u00e4ge inklusive sogenanntem Zerspanner<\/div>\t\t\t\t<\/div>\n\t\t\t\t\t\t<\/div>\n\t\t<div class=\"timeline-item__card-arrow\"><\/div>\n\t<\/div>\n\t<div class=\"timeline-item__point\"><div class=\"timeline-item__point-content timeline-item__point-content--icon\"><span class=\"jet-elements-icon\"><i aria-hidden=\"true\" class=\"fas fa-calendar-alt\"><\/i><\/span><\/div><\/div><div class=\"timeline-item__meta\"><div class=\"timeline-item__meta-content\">2008<\/div><\/div><\/div><div class=\"jet-timeline-item  elementor-repeater-item-7e10730 jet-timeline-item--image-inside\">\n\t<div class=\"timeline-item__card\">\n\t\t<div class=\"timeline-item__card-inner\">\n\t\t\t\t\t\t\t\t<div class=\"timeline-item__card-content\">\n\t\t\t\t\t<div class=\"timeline-item__meta\"><div class=\"timeline-item__meta-content\">2013<\/div><\/div><div class=\"timeline-item__card-desc\">J\u00f6rg Huber tritt in das Unternehmen ein<\/div>\t\t\t\t<\/div>\n\t\t\t\t\t\t<\/div>\n\t\t<div class=\"timeline-item__card-arrow\"><\/div>\n\t<\/div>\n\t<div class=\"timeline-item__point\"><div class=\"timeline-item__point-content timeline-item__point-content--icon\"><span class=\"jet-elements-icon\"><i aria-hidden=\"true\" class=\"fas fa-calendar-alt\"><\/i><\/span><\/div><\/div><div class=\"timeline-item__meta\"><div class=\"timeline-item__meta-content\">2013<\/div><\/div><\/div><div class=\"jet-timeline-item  elementor-repeater-item-0d3ffd8 jet-timeline-item--image-inside\">\n\t<div class=\"timeline-item__card\">\n\t\t<div class=\"timeline-item__card-inner\">\n\t\t\t\t\t\t\t\t<div class=\"timeline-item__card-content\">\n\t\t\t\t\t<div class=\"timeline-item__meta\"><div class=\"timeline-item__meta-content\">2015<\/div><\/div><div class=\"timeline-item__card-desc\">Installation einer neuen Hackanlage <\/div>\t\t\t\t<\/div>\n\t\t\t\t\t\t<\/div>\n\t\t<div class=\"timeline-item__card-arrow\"><\/div>\n\t<\/div>\n\t<div class=\"timeline-item__point\"><div class=\"timeline-item__point-content timeline-item__point-content--icon\"><span class=\"jet-elements-icon\"><i aria-hidden=\"true\" class=\"fas fa-calendar-alt\"><\/i><\/span><\/div><\/div><div class=\"timeline-item__meta\"><div class=\"timeline-item__meta-content\">2015<\/div><\/div><\/div><div class=\"jet-timeline-item  elementor-repeater-item-a19cb84 jet-timeline-item--image-inside\">\n\t<div class=\"timeline-item__card\">\n\t\t<div class=\"timeline-item__card-inner\">\n\t\t\t\t\t\t\t\t<div class=\"timeline-item__card-content\">\n\t\t\t\t\t<div class=\"timeline-item__meta\"><div class=\"timeline-item__meta-content\">2017<\/div><\/div><div class=\"timeline-item__card-desc\">Vollbrand aufgrund eines technischen Defekts (Totalschaden und vor\u00fcbergehender Produktionsstopp)<\/div>\t\t\t\t<\/div>\n\t\t\t\t\t\t<\/div>\n\t\t<div class=\"timeline-item__card-arrow\"><\/div>\n\t<\/div>\n\t<div class=\"timeline-item__point\"><div class=\"timeline-item__point-content timeline-item__point-content--icon\"><span class=\"jet-elements-icon\"><i aria-hidden=\"true\" class=\"fas fa-calendar-alt\"><\/i><\/span><\/div><\/div><div class=\"timeline-item__meta\"><div class=\"timeline-item__meta-content\">2017<\/div><\/div><\/div><div class=\"jet-timeline-item  elementor-repeater-item-cb778b9 jet-timeline-item--image-inside\">\n\t<div class=\"timeline-item__card\">\n\t\t<div class=\"timeline-item__card-inner\">\n\t\t\t\t\t\t\t\t<div class=\"timeline-item__card-content\">\n\t\t\t\t\t<div class=\"timeline-item__meta\"><div class=\"timeline-item__meta-content\">2017<\/div><\/div><div class=\"timeline-item__card-desc\">Wiederaufbau des S\u00e4gewerks<\/div>\t\t\t\t<\/div>\n\t\t\t\t\t\t<\/div>\n\t\t<div class=\"timeline-item__card-arrow\"><\/div>\n\t<\/div>\n\t<div class=\"timeline-item__point\"><div class=\"timeline-item__point-content timeline-item__point-content--icon\"><span class=\"jet-elements-icon\"><i aria-hidden=\"true\" class=\"fas fa-calendar-alt\"><\/i><\/span><\/div><\/div><div class=\"timeline-item__meta\"><div class=\"timeline-item__meta-content\">2017<\/div><\/div><\/div><div class=\"jet-timeline-item  elementor-repeater-item-0b45523 jet-timeline-item--image-inside\">\n\t<div class=\"timeline-item__card\">\n\t\t<div class=\"timeline-item__card-inner\">\n\t\t\t\t\t\t\t\t<div class=\"timeline-item__card-content\">\n\t\t\t\t\t<div class=\"timeline-item__meta\"><div class=\"timeline-item__meta-content\">2018<\/div><\/div><div class=\"timeline-item__card-desc\">Gerald Huber kehrt aus Gro\u00dfbritannien zur\u00fcck und tritt dem Unternehmen bei<\/div>\t\t\t\t<\/div>\n\t\t\t\t\t\t<\/div>\n\t\t<div class=\"timeline-item__card-arrow\"><\/div>\n\t<\/div>\n\t<div class=\"timeline-item__point\"><div class=\"timeline-item__point-content timeline-item__point-content--icon\"><span class=\"jet-elements-icon\"><i aria-hidden=\"true\" class=\"fas fa-calendar-alt\"><\/i><\/span><\/div><\/div><div class=\"timeline-item__meta\"><div class=\"timeline-item__meta-content\">2018<\/div><\/div><\/div><div class=\"jet-timeline-item  elementor-repeater-item-b383fae jet-timeline-item--image-inside\">\n\t<div class=\"timeline-item__card\">\n\t\t<div class=\"timeline-item__card-inner\">\n\t\t\t\t\t\t\t\t<div class=\"timeline-item__card-content\">\n\t\t\t\t\t<div class=\"timeline-item__meta\"><div class=\"timeline-item__meta-content\">2018<\/div><\/div><div class=\"timeline-item__card-desc\">Abgeschlossener Umbau und Wiederaufnahme der Produktion<\/div>\t\t\t\t<\/div>\n\t\t\t\t\t\t<\/div>\n\t\t<div class=\"timeline-item__card-arrow\"><\/div>\n\t<\/div>\n\t<div class=\"timeline-item__point\"><div class=\"timeline-item__point-content timeline-item__point-content--icon\"><span class=\"jet-elements-icon\"><i aria-hidden=\"true\" class=\"fas fa-calendar-alt\"><\/i><\/span><\/div><\/div><div class=\"timeline-item__meta\"><div class=\"timeline-item__meta-content\">2018<\/div><\/div><\/div><div class=\"jet-timeline-item  elementor-repeater-item-4a5405e jet-timeline-item--image-inside\">\n\t<div class=\"timeline-item__card\">\n\t\t<div class=\"timeline-item__card-inner\">\n\t\t\t\t\t\t\t\t<div class=\"timeline-item__card-content\">\n\t\t\t\t\t<div class=\"timeline-item__meta\"><div class=\"timeline-item__meta-content\">2019<\/div><\/div><div class=\"timeline-item__card-desc\">Anschaffung eines neuen Lkw zur Erweiterung des Fuhrparks<\/div>\t\t\t\t<\/div>\n\t\t\t\t\t\t<\/div>\n\t\t<div class=\"timeline-item__card-arrow\"><\/div>\n\t<\/div>\n\t<div class=\"timeline-item__point\"><div class=\"timeline-item__point-content timeline-item__point-content--icon\"><span class=\"jet-elements-icon\"><i aria-hidden=\"true\" class=\"fas fa-calendar-alt\"><\/i><\/span><\/div><\/div><div class=\"timeline-item__meta\"><div class=\"timeline-item__meta-content\">2019<\/div><\/div><\/div><div class=\"jet-timeline-item  elementor-repeater-item-0b33dce jet-timeline-item--image-inside\">\n\t<div class=\"timeline-item__card\">\n\t\t<div class=\"timeline-item__card-inner\">\n\t\t\t\t\t\t\t\t<div class=\"timeline-item__card-content\">\n\t\t\t\t\t<div class=\"timeline-item__meta\"><div class=\"timeline-item__meta-content\">2021<\/div><\/div><div class=\"timeline-item__card-desc\">Installation von Solaranlage zur Verbesserung der Effizienz<\/div>\t\t\t\t<\/div>\n\t\t\t\t\t\t<\/div>\n\t\t<div class=\"timeline-item__card-arrow\"><\/div>\n\t<\/div>\n\t<div class=\"timeline-item__point\"><div class=\"timeline-item__point-content timeline-item__point-content--icon\"><span class=\"jet-elements-icon\"><i aria-hidden=\"true\" class=\"fas fa-calendar-alt\"><\/i><\/span><\/div><\/div><div class=\"timeline-item__meta\"><div class=\"timeline-item__meta-content\">2021<\/div><\/div><\/div><\/div><\/div><\/div>\t\t\t\t<\/div>\n\t\t\t\t<\/div>\n\t\t\t\t\t<\/div>\n\t\t\t\t<\/div>\n\t\t\t\t<\/div>\n\t\t","protected":false},"excerpt":{"rendered":"<p>Unsere Geschichte Nach 10 Jahren als F\u00f6rster kaufte Friedrich Huber 1999 ein veraltetes S\u00e4gewerk \u2013 damals bekannt als Schwaiger. Herr Huber war \u00fcberzeugt, dass er \u00fcber das n\u00f6tige Know-how und die Leidenschaft verf\u00fcgte, dieses S\u00e4gewerk zu erneuern und durchzustarten. Da die erforderlichen finanziellen Mittel nicht aufgebracht werden konnten, musste ihm eine Bank einen Kredit gew\u00e4hren. [&hellip;]<\/p>\n","protected":false},"author":1,"featured_media":0,"parent":0,"menu_order":0,"comment_status":"closed","ping_status":"closed","template":"elementor_header_footer","meta":{"_acf_changed":false,"inline_featured_image":false,"_jet_sm_ready_style":"","_jet_sm_style":"","_jet_sm_controls_values":"","_jet_sm_fonts_collection":"","_jet_sm_fonts_links":"","footnotes":""},"class_list":["post-1490","page","type-page","status-publish","hentry"],"acf":[],"yoast_head":"<!-- This site is optimized with the Yoast SEO plugin v27.4 - https:\/\/yoast.com\/product\/yoast-seo-wordpress\/ -->\n<title>Geschichte \u2013 die Zeitleiste unseres Unternehmens<\/title>\n<meta name=\"description\" content=\"Lassen Sie sich durch die Geschichte unseres S\u00e4gewerks f\u00fchren. Holz Huber in Feldkirchen, \u00d6sterreich, wurde 1999 gegr\u00fcndet und ist seitdem f\u00fcr sein breites Sortiment an hochwertigen Holzprodukten bekannt.\" \/>\n<meta name=\"robots\" content=\"index, follow, max-snippet:-1, max-image-preview:large, max-video-preview:-1\" \/>\n<link rel=\"canonical\" href=\"https:\/\/holz-huber.at\/de\/geschichte\/\" \/>\n<meta property=\"og:locale\" content=\"de_DE\" \/>\n<meta property=\"og:type\" content=\"article\" \/>\n<meta property=\"og:title\" content=\"Geschichte \u2013 die Zeitleiste unseres Unternehmens\" \/>\n<meta property=\"og:description\" content=\"Lassen Sie sich durch die Geschichte unseres S\u00e4gewerks f\u00fchren. Holz Huber in Feldkirchen, \u00d6sterreich, wurde 1999 gegr\u00fcndet und ist seitdem f\u00fcr sein breites Sortiment an hochwertigen Holzprodukten bekannt.\" \/>\n<meta property=\"og:url\" content=\"https:\/\/holz-huber.at\/de\/geschichte\/\" \/>\n<meta property=\"og:site_name\" content=\"Holz Huber\" \/>\n<meta property=\"article:modified_time\" content=\"2024-03-19T08:02:13+00:00\" \/>\n<meta name=\"twitter:card\" content=\"summary_large_image\" \/>\n<meta name=\"twitter:label1\" content=\"Gesch\u00e4tzte Lesezeit\" \/>\n\t<meta name=\"twitter:data1\" content=\"1\u00a0Minute\" \/>\n<script type=\"application\/ld+json\" class=\"yoast-schema-graph\">{\"@context\":\"https:\\\/\\\/schema.org\",\"@graph\":[{\"@type\":\"WebPage\",\"@id\":\"https:\\\/\\\/holz-huber.at\\\/de\\\/geschichte\\\/\",\"url\":\"https:\\\/\\\/holz-huber.at\\\/de\\\/geschichte\\\/\",\"name\":\"Geschichte \u2013 die Zeitleiste unseres Unternehmens\",\"isPartOf\":{\"@id\":\"https:\\\/\\\/holz-huber.at\\\/de\\\/#website\"},\"datePublished\":\"2024-03-19T08:02:10+00:00\",\"dateModified\":\"2024-03-19T08:02:13+00:00\",\"description\":\"Lassen Sie sich durch die Geschichte unseres S\u00e4gewerks f\u00fchren. Holz Huber in Feldkirchen, \u00d6sterreich, wurde 1999 gegr\u00fcndet und ist seitdem f\u00fcr sein breites Sortiment an hochwertigen Holzprodukten bekannt.\",\"breadcrumb\":{\"@id\":\"https:\\\/\\\/holz-huber.at\\\/de\\\/geschichte\\\/#breadcrumb\"},\"inLanguage\":\"de\",\"potentialAction\":[{\"@type\":\"ReadAction\",\"target\":[\"https:\\\/\\\/holz-huber.at\\\/de\\\/geschichte\\\/\"]}]},{\"@type\":\"BreadcrumbList\",\"@id\":\"https:\\\/\\\/holz-huber.at\\\/de\\\/geschichte\\\/#breadcrumb\",\"itemListElement\":[{\"@type\":\"ListItem\",\"position\":1,\"name\":\"Startseite\",\"item\":\"https:\\\/\\\/holz-huber.at\\\/de\\\/home\\\/\"},{\"@type\":\"ListItem\",\"position\":2,\"name\":\"Geschichte\"}]},{\"@type\":\"WebSite\",\"@id\":\"https:\\\/\\\/holz-huber.at\\\/de\\\/#website\",\"url\":\"https:\\\/\\\/holz-huber.at\\\/de\\\/\",\"name\":\"Holz Huber\",\"description\":\"Fenster- und T\u00fcrlamellen\",\"potentialAction\":[{\"@type\":\"SearchAction\",\"target\":{\"@type\":\"EntryPoint\",\"urlTemplate\":\"https:\\\/\\\/holz-huber.at\\\/de\\\/?s={search_term_string}\"},\"query-input\":{\"@type\":\"PropertyValueSpecification\",\"valueRequired\":true,\"valueName\":\"search_term_string\"}}],\"inLanguage\":\"de\"}]}<\/script>\n<!-- \/ Yoast SEO plugin. -->","yoast_head_json":{"title":"Geschichte \u2013 die Zeitleiste unseres Unternehmens","description":"Lassen Sie sich durch die Geschichte unseres S\u00e4gewerks f\u00fchren. Holz Huber in Feldkirchen, \u00d6sterreich, wurde 1999 gegr\u00fcndet und ist seitdem f\u00fcr sein breites Sortiment an hochwertigen Holzprodukten bekannt.","robots":{"index":"index","follow":"follow","max-snippet":"max-snippet:-1","max-image-preview":"max-image-preview:large","max-video-preview":"max-video-preview:-1"},"canonical":"https:\/\/holz-huber.at\/de\/geschichte\/","og_locale":"de_DE","og_type":"article","og_title":"Geschichte \u2013 die Zeitleiste unseres Unternehmens","og_description":"Lassen Sie sich durch die Geschichte unseres S\u00e4gewerks f\u00fchren. Holz Huber in Feldkirchen, \u00d6sterreich, wurde 1999 gegr\u00fcndet und ist seitdem f\u00fcr sein breites Sortiment an hochwertigen Holzprodukten bekannt.","og_url":"https:\/\/holz-huber.at\/de\/geschichte\/","og_site_name":"Holz Huber","article_modified_time":"2024-03-19T08:02:13+00:00","twitter_card":"summary_large_image","twitter_misc":{"Gesch\u00e4tzte Lesezeit":"1\u00a0Minute"},"schema":{"@context":"https:\/\/schema.org","@graph":[{"@type":"WebPage","@id":"https:\/\/holz-huber.at\/de\/geschichte\/","url":"https:\/\/holz-huber.at\/de\/geschichte\/","name":"Geschichte \u2013 die Zeitleiste unseres Unternehmens","isPartOf":{"@id":"https:\/\/holz-huber.at\/de\/#website"},"datePublished":"2024-03-19T08:02:10+00:00","dateModified":"2024-03-19T08:02:13+00:00","description":"Lassen Sie sich durch die Geschichte unseres S\u00e4gewerks f\u00fchren. Holz Huber in Feldkirchen, \u00d6sterreich, wurde 1999 gegr\u00fcndet und ist seitdem f\u00fcr sein breites Sortiment an hochwertigen Holzprodukten bekannt.","breadcrumb":{"@id":"https:\/\/holz-huber.at\/de\/geschichte\/#breadcrumb"},"inLanguage":"de","potentialAction":[{"@type":"ReadAction","target":["https:\/\/holz-huber.at\/de\/geschichte\/"]}]},{"@type":"BreadcrumbList","@id":"https:\/\/holz-huber.at\/de\/geschichte\/#breadcrumb","itemListElement":[{"@type":"ListItem","position":1,"name":"Startseite","item":"https:\/\/holz-huber.at\/de\/home\/"},{"@type":"ListItem","position":2,"name":"Geschichte"}]},{"@type":"WebSite","@id":"https:\/\/holz-huber.at\/de\/#website","url":"https:\/\/holz-huber.at\/de\/","name":"Holz Huber","description":"Fenster- und T\u00fcrlamellen","potentialAction":[{"@type":"SearchAction","target":{"@type":"EntryPoint","urlTemplate":"https:\/\/holz-huber.at\/de\/?s={search_term_string}"},"query-input":{"@type":"PropertyValueSpecification","valueRequired":true,"valueName":"search_term_string"}}],"inLanguage":"de"}]}},"_links":{"self":[{"href":"https:\/\/holz-huber.at\/de\/wp-json\/wp\/v2\/pages\/1490","targetHints":{"allow":["GET"]}}],"collection":[{"href":"https:\/\/holz-huber.at\/de\/wp-json\/wp\/v2\/pages"}],"about":[{"href":"https:\/\/holz-huber.at\/de\/wp-json\/wp\/v2\/types\/page"}],"author":[{"embeddable":true,"href":"https:\/\/holz-huber.at\/de\/wp-json\/wp\/v2\/users\/1"}],"replies":[{"embeddable":true,"href":"https:\/\/holz-huber.at\/de\/wp-json\/wp\/v2\/comments?post=1490"}],"version-history":[{"count":3,"href":"https:\/\/holz-huber.at\/de\/wp-json\/wp\/v2\/pages\/1490\/revisions"}],"predecessor-version":[{"id":1493,"href":"https:\/\/holz-huber.at\/de\/wp-json\/wp\/v2\/pages\/1490\/revisions\/1493"}],"wp:attachment":[{"href":"https:\/\/holz-huber.at\/de\/wp-json\/wp\/v2\/media?parent=1490"}],"curies":[{"name":"wp","href":"https:\/\/api.w.org\/{rel}","templated":true}]}}